{"id":5507,"date":"2024-01-09T21:47:57","date_gmt":"2024-01-09T20:47:57","guid":{"rendered":"https:\/\/www.lesilesduvoyage.fr\/?page_id=5507"},"modified":"2024-09-24T16:57:25","modified_gmt":"2024-09-24T14:57:25","slug":"presentation","status":"publish","type":"page","link":"https:\/\/www.lesilesduvoyage.fr\/index.php\/presentation\/","title":{"rendered":"Pr\u00e9sentation"},"content":{"rendered":"<section class=\"wpb-content-wrapper\"><p>[vc_row content_placement=\u00a0\u00bbtop\u00a0\u00bb row_content_width=\u00a0\u00bbgrid\u00a0\u00bb][vc_column offset=\u00a0\u00bbvc_col-lg-offset-0 vc_col-lg-6 vc_col-md-offset-0 vc_col-md-12 vc_col-xs-12&Prime;]<div class=\"qodef-elements-holder   qodef-one-column  qodef-responsive-mode-768 \" ><div class=\"qodef-eh-item  qodef-vertical-alignment-top  \"  data-item-class=\"qodef-eh-custom-2585\" data-1367-1600=\"132px 0px\" data-1025-1366=\"129px 0px\" data-769-1024=\"122px 0 45px 0px\" data-681-768=\"122px 0 45px 0px\" data-680=\"160px 0 45px 0px\">\n\t<div class=\"qodef-eh-item-inner\">\n\t\t<div class=\"qodef-eh-item-content qodef-eh-custom-2585\" style=\"padding: 132px 0\">\n\t\t\t<div class=\"qodef-section-title-holder \" >\n\t<div class=\"qodef-st-inner\">\n\t\t\t\t\t\t\t<h2 class=\"qodef-st-title\" >\n\t\t\t\tL'agence\t\t\t<\/h2>\n\t\t\t\t\t\t\t<p class=\"qodef-st-text\" style=\"font-size: 17px;line-height: 28px;margin-top: 15px\">\n\t\t\t\tD\u00e9couvrez nos nouveaux locaux situ\u00e9s \u00e0 Anneyron.\t\t\t<\/p>\n\t\t\t<\/div>\n<\/div>[vc_empty_space height=\u00a0\u00bb12px\u00a0\u00bb][vc_column_text]Nous proposons des voyages aux 4 coins du monde, adapt\u00e9 \u00e0 vos envies et votre budget ! Nous travaillons avec les particuliers mais aussi les groupes (comit\u00e9 entreprise CE CSE, associations, \u00e9coles, &#8230;). N&rsquo;h\u00e9sitez pas \u00e0 nous contacter pour \u00e9changer sur votre projet ![\/vc_column_text][vc_empty_space height=\u00a0\u00bb25px\u00a0\u00bb]<a itemprop=\"url\" href=\"https:\/\/www.lesilesduvoyage.fr\/index.php\/contact\" target=\"_self\"  class=\"qodef-btn qodef-btn-medium qodef-btn-solid\"  >\n    <span class=\"qodef-btn-text\">Contactez-nous<\/span>\n    <\/a>\t\t<\/div>\n\t<\/div>\n<\/div><\/div>[\/vc_column][vc_column offset=\u00a0\u00bbvc_col-lg-offset-0 vc_col-lg-6 vc_col-md-offset-0 vc_col-md-12 vc_col-sm-offset-0 vc_col-xs-12&Prime; css=\u00a0\u00bb.vc_custom_1537527482650{background-position: 0 0 !important;background-repeat: no-repeat !important;}\u00a0\u00bb]<div class=\"qodef-elements-holder   qodef-one-column  qodef-responsive-mode-768 \" ><div class=\"qodef-eh-item  qodef-vertical-alignment-top  \"  data-item-class=\"qodef-eh-custom-7801\" data-1367-1600=\"103px 0 170px 109px\" data-1025-1366=\"103px 0 170px 15px\" data-769-1024=\"0px 0 170px 0px\" data-681-768=\"0px 0 170px 0px\" data-680=\"0px 0 170px 0px\">\n\t<div class=\"qodef-eh-item-inner\">\n\t\t<div class=\"qodef-eh-item-content qodef-eh-custom-7801\" style=\"padding: 103px 0 170px 109px\">\n\t\t\t[vc_single_image image=\u00a0\u00bb5868&Prime; img_size=\u00a0\u00bbfull\u00a0\u00bb]\t\t<\/div>\n\t<\/div>\n<\/div><\/div>[\/vc_column][\/vc_row][vc_row row_content_width=\u00a0\u00bbgrid\u00a0\u00bb][vc_column width=\u00a0\u00bb1\/2&Prime; offset=\u00a0\u00bbvc_col-lg-offset-0 vc_col-lg-3 vc_col-md-offset-0 vc_col-md-6 vc_col-sm-offset-0&Prime;]<div class=\"qodef-team-holder qodef-team-info-on-image\">\n\t<div class=\"qodef-team-inner\">\n\t\t\t\t\t<div class=\"qodef-team-image\">\n                <img loading=\"lazy\" decoding=\"async\" width=\"800\" height=\"1000\" src=\"https:\/\/www.lesilesduvoyage.fr\/wp-content\/uploads\/2024\/09\/Angelique_.jpg\" class=\"attachment-full size-full\" alt=\"\" srcset=\"https:\/\/www.lesilesduvoyage.fr\/wp-content\/uploads\/2024\/09\/Angelique_.jpg 800w, https:\/\/www.lesilesduvoyage.fr\/wp-content\/uploads\/2024\/09\/Angelique_-240x300.jpg 240w, https:\/\/www.lesilesduvoyage.fr\/wp-content\/uploads\/2024\/09\/Angelique_-768x960.jpg 768w\" sizes=\"auto, (max-width: 800px) 100vw, 800px\" \/>\t\t\t\t<div class=\"qodef-team-social-wrapper\">\n\t\t\t\t\t<div class=\"qodef-team-social-outer\">\n\t\t\t\t\t\t<div class=\"qodef-team-social-inner\">\n\t\t\t\t\t\t\t\t\t\t\t\t\t\t\t<h5 class=\"qodef-team-name\" >Ang\u00e9lique<\/h5>\n\t\t\t\t\t\t\t\t\t\t\t\t\t\t\t\t\t\t\t\t\t\t\t\t\t\t\t\t\t<p class=\"qodef-team-text\" >Hello, je suis Ang\u00e9lique, capitaine de l&#039;agence, il en faut bien une ! \ud83e\udd2a Depuis plus de 10 ans dans le m\u00e9tier d&#039;agence de voyages et titulaire d&#039;un BTS Tourisme, je pourrais vous aider \u00e0 confectionner au mieux votre voyage. Du tout compris au voyage sur mesure, je r\u00e9aliserais vos envies les plus folles.<\/p>\n\t\t\t\t\t\t\t\t\t\t\t\t\t\t\t\t\t\t\t\t<\/div>\n\t\t\t\t\t<\/div>\n\t\t\t\t<\/div>\n\t\t\t<\/div>\n\t\t\t<\/div>\n<\/div>[vc_empty_space][\/vc_column][vc_column width=\u00a0\u00bb1\/2&Prime; offset=\u00a0\u00bbvc_col-lg-offset-0 vc_col-lg-3 vc_col-md-offset-0 vc_col-md-6 vc_col-sm-offset-0&Prime;]<div class=\"qodef-team-holder qodef-team-info-on-image\">\n\t<div class=\"qodef-team-inner\">\n\t\t\t\t\t<div class=\"qodef-team-image\">\n                <img loading=\"lazy\" decoding=\"async\" width=\"800\" height=\"1001\" src=\"https:\/\/www.lesilesduvoyage.fr\/wp-content\/uploads\/2024\/09\/Adeline_.jpg\" class=\"attachment-full size-full\" alt=\"\" srcset=\"https:\/\/www.lesilesduvoyage.fr\/wp-content\/uploads\/2024\/09\/Adeline_.jpg 800w, https:\/\/www.lesilesduvoyage.fr\/wp-content\/uploads\/2024\/09\/Adeline_-240x300.jpg 240w, https:\/\/www.lesilesduvoyage.fr\/wp-content\/uploads\/2024\/09\/Adeline_-768x961.jpg 768w\" sizes=\"auto, (max-width: 800px) 100vw, 800px\" \/>\t\t\t\t<div class=\"qodef-team-social-wrapper\">\n\t\t\t\t\t<div class=\"qodef-team-social-outer\">\n\t\t\t\t\t\t<div class=\"qodef-team-social-inner\">\n\t\t\t\t\t\t\t\t\t\t\t\t\t\t\t<h5 class=\"qodef-team-name\" >Adeline<\/h5>\n\t\t\t\t\t\t\t\t\t\t\t\t\t\t\t\t\t\t\t\t\t\t\t\t\t\t\t\t\t<p class=\"qodef-team-text\" >Coucou, je suis Adeline, le mousse, sympa et dynamique ! \ud83e\udd73 Titulaire d&#039;un BTS tourisme et forte de plus de 20 ans d&#039;exp\u00e9rience, je me ferais un plaisir de vous accompagner sur vos projets de voyages individuels ou groupes.<\/p>\n\t\t\t\t\t\t\t\t\t\t\t\t\t\t\t\t\t\t\t\t<\/div>\n\t\t\t\t\t<\/div>\n\t\t\t\t<\/div>\n\t\t\t<\/div>\n\t\t\t<\/div>\n<\/div>[vc_empty_space][\/vc_column][\/vc_row]<\/p>\n<\/section>","protected":false},"excerpt":{"rendered":"<p>[vc_row content_placement=\u00a0\u00bbtop\u00a0\u00bb row_content_width=\u00a0\u00bbgrid\u00a0\u00bb][vc_column offset=\u00a0\u00bbvc_col-lg-offset-0 vc_col-lg-6 vc_col-md-offset-0 vc_col-md-12 vc_col-xs-12&Prime;][\/vc_column][vc_column offset=\u00a0\u00bbvc_col-lg-offset-0 vc_col-lg-6 vc_col-md-offset-0 vc_col-md-12 vc_col-sm-offset-0 vc_col-xs-12&Prime; css=\u00a0\u00bb.vc_custom_1537527482650{background-position: 0 0 !important;background-repeat: no-repeat !important;}\u00a0\u00bb][\/vc_column][\/vc_row][vc_row row_content_width=\u00a0\u00bbgrid\u00a0\u00bb][vc_column width=\u00a0\u00bb1\/2&Prime; offset=\u00a0\u00bbvc_col-lg-offset-0 vc_col-lg-3 vc_col-md-offset-0 vc_col-md-6 vc_col-sm-offset-0&Prime;][vc_empty_space][\/vc_column][vc_column width=\u00a0\u00bb1\/2&Prime; offset=\u00a0\u00bbvc_col-lg-offset-0 vc_col-lg-3 vc_col-md-offset-0 vc_col-md-6 vc_col-sm-offset-0&Prime;][vc_empty_space][\/vc_column][\/vc_row]<\/p>\n","protected":false},"author":1,"featured_media":0,"parent":0,"menu_order":0,"comment_status":"closed","ping_status":"closed","template":"full-width.php","meta":{"footnotes":""},"class_list":["post-5507","page","type-page","status-publish","hentry"],"_links":{"self":[{"href":"https:\/\/www.lesilesduvoyage.fr\/index.php\/wp-json\/wp\/v2\/pages\/5507","targetHints":{"allow":["GET"]}}],"collection":[{"href":"https:\/\/www.lesilesduvoyage.fr\/index.php\/wp-json\/wp\/v2\/pages"}],"about":[{"href":"https:\/\/www.lesilesduvoyage.fr\/index.php\/wp-json\/wp\/v2\/types\/page"}],"author":[{"embeddable":true,"href":"https:\/\/www.lesilesduvoyage.fr\/index.php\/wp-json\/wp\/v2\/users\/1"}],"replies":[{"embeddable":true,"href":"https:\/\/www.lesilesduvoyage.fr\/index.php\/wp-json\/wp\/v2\/comments?post=5507"}],"version-history":[{"count":11,"href":"https:\/\/www.lesilesduvoyage.fr\/index.php\/wp-json\/wp\/v2\/pages\/5507\/revisions"}],"predecessor-version":[{"id":5918,"href":"https:\/\/www.lesilesduvoyage.fr\/index.php\/wp-json\/wp\/v2\/pages\/5507\/revisions\/5918"}],"wp:attachment":[{"href":"https:\/\/www.lesilesduvoyage.fr\/index.php\/wp-json\/wp\/v2\/media?parent=5507"}],"curies":[{"name":"wp","href":"https:\/\/api.w.org\/{rel}","templated":true}]}}